{"id":1465,"date":"2025-01-08T10:29:26","date_gmt":"2025-01-08T09:29:26","guid":{"rendered":"https:\/\/jumpers.work\/carolinagraffigna\/?page_id=1465"},"modified":"2025-01-09T10:22:58","modified_gmt":"2025-01-09T09:22:58","slug":"politica-de-privacidad","status":"publish","type":"page","link":"https:\/\/carolinagraffigna.com\/en\/politica-de-privacidad\/","title":{"rendered":"Privacy Policy"},"content":{"rendered":"<div data-elementor-type=\"wp-page\" data-elementor-id=\"1465\" class=\"elementor elementor-1465\" data-elementor-post-type=\"page\">\n\t\t\t\t<div class=\"elementor-element elementor-element-0f88e90 e-con-full e-flex e-con e-parent\" data-id=\"0f88e90\" data-element_type=\"container\">\n\t\t\t\t<div class=\"elementor-element elementor-element-93cbb5c elementor-widget elementor-widget-heading\" data-id=\"93cbb5c\" data-element_type=\"widget\" data-widget_type=\"heading.default\">\n\t\t\t\t<div class=\"elementor-widget-container\">\n\t\t\t\t\t<h2 class=\"elementor-heading-title elementor-size-default\">Privacy Policy<\/h2>\t\t\t\t<\/div>\n\t\t\t\t<\/div>\n\t\t\t\t<div class=\"elementor-element elementor-element-512bdb2 elementor-widget elementor-widget-text-editor\" data-id=\"512bdb2\" data-element_type=\"widget\" data-widget_type=\"text-editor.default\">\n\t\t\t\t<div class=\"elementor-widget-container\">\n\t\t\t\t\t\t\t\t\t<p><strong>1. Responsable del Tratamiento de los Datos<\/strong><\/p><ul><li><strong>Identidad<\/strong>: Agencia de dise\u00f1o Carolina Graffigna<\/li><li><strong>NIF\/CIF<\/strong>: 555305665A<\/li><li><strong>Domicilio social<\/strong>: Calle Eugenio 1 2\u00baB<\/li><li><strong>Correo electr\u00f3nico<\/strong>: <a class=\"c-link\" href=\"mailto:carolinagraffigna@gmail.com\" target=\"_blank\" rel=\"noopener noreferrer\" data-stringify-link=\"mailto:carolinagraffigna@gmail.com\" data-sk=\"tooltip_parent\" aria-haspopup=\"menu\" aria-describedby=\"sk-tooltip-779\">carolinagraffigna@gmail.com<\/a><\/li><li><strong>Tel\u00e9fono de contacto<\/strong>: +34 633 446 441<\/li><\/ul><p><strong>2. Finalidad del Tratamiento<\/strong><br \/>Los datos recopilados a trav\u00e9s de este sitio web ser\u00e1n tratados para los siguientes fines:<\/p><ul><li>Responder a consultas o solicitudes enviadas a trav\u00e9s del formulario de contacto.<\/li><li>Gestionar la prestaci\u00f3n de servicios solicitados.<\/li><li>Enviar comunicaciones comerciales e informativas relacionadas con nuestros productos o servicios, siempre que el usuario haya prestado su consentimiento previo.<\/li><li>Mejorar la experiencia del usuario en la web mediante el an\u00e1lisis del comportamiento de navegaci\u00f3n.<\/li><\/ul><p><strong>3. Legitimaci\u00f3n para el Tratamiento de Datos<\/strong><br \/>El tratamiento de los datos personales se basa en:<\/p><ul><li>El consentimiento expreso otorgado por el usuario al completar formularios y aceptar esta pol\u00edtica de privacidad.<\/li><li>El cumplimiento de obligaciones contractuales y legales.<\/li><li>El inter\u00e9s leg\u00edtimo en mejorar nuestros servicios y gestionar consultas.<\/li><\/ul><p><strong>4. Conservaci\u00f3n de los Datos<\/strong><br \/>Los datos personales proporcionados se conservar\u00e1n:<\/p><ul><li>Mientras se mantenga la relaci\u00f3n contractual o comercial.<\/li><li>Durante el plazo necesario para cumplir con obligaciones legales.<\/li><li>Hasta que el usuario solicite su supresi\u00f3n.<\/li><\/ul><p><strong>5. Comunicaci\u00f3n de Datos a Terceros<\/strong><br \/>No se ceder\u00e1n datos a terceros, salvo obligaci\u00f3n legal o en los casos necesarios para la prestaci\u00f3n de un servicio espec\u00edfico (proveedores de hosting, env\u00edo de comunicaciones, etc.), en cuyo caso se garantizar\u00e1 la seguridad de los datos mediante contratos espec\u00edficos.<\/p><p><strong>6. Derechos del Usuario<\/strong><br \/>El usuario tiene derecho a:<\/p><ul><li><strong>Acceso<\/strong>: Conocer qu\u00e9 datos personales est\u00e1n siendo tratados.<\/li><li><strong>Rectificaci\u00f3n<\/strong>: Solicitar la modificaci\u00f3n de datos inexactos o incompletos.<\/li><li><strong>Supresi\u00f3n<\/strong>: Pedir la eliminaci\u00f3n de sus datos cuando ya no sean necesarios para los fines para los que fueron recogidos.<\/li><li><strong>Limitaci\u00f3n<\/strong>: Solicitar la limitaci\u00f3n del tratamiento en determinadas circunstancias.<\/li><li><strong>Oposici\u00f3n<\/strong>: Oponerse al tratamiento de sus datos para determinados fines, como la publicidad.<\/li><li><strong>Portabilidad<\/strong>: Solicitar la entrega de sus datos en un formato estructurado, de uso com\u00fan y lectura mec\u00e1nica.<\/li><\/ul><p>Para ejercer cualquiera de estos derechos, el usuario puede enviar un correo electr\u00f3nico a <a class=\"c-link\" href=\"mailto:carolinagraffigna@gmail.com\" target=\"_blank\" rel=\"noopener noreferrer\" data-stringify-link=\"mailto:carolinagraffigna@gmail.com\" data-sk=\"tooltip_parent\" aria-haspopup=\"menu\" aria-describedby=\"sk-tooltip-779\">carolinagraffigna@gmail.com<\/a> adjuntando una copia de su DNI o documento de identidad.<\/p><p><strong>7. Seguridad de los Datos<\/strong><br \/>El titular de la web adopta las medidas t\u00e9cnicas y organizativas necesarias para garantizar la seguridad de los datos personales y evitar su alteraci\u00f3n, p\u00e9rdida, tratamiento o acceso no autorizado.<\/p><p><strong>8. Modificaci\u00f3n de la Pol\u00edtica de Privacidad<\/strong><br \/>Nos reservamos el derecho a modificar esta pol\u00edtica de privacidad para adaptarla a novedades legislativas o jurisprudenciales. Los cambios ser\u00e1n publicados en esta misma p\u00e1gina.<\/p><p><strong>9. Contacto<\/strong><br \/>Para cualquier consulta relacionada con esta pol\u00edtica de privacidad, puedes ponerte en contacto con nosotros a trav\u00e9s del correo electr\u00f3nico <a class=\"c-link\" href=\"mailto:carolinagraffigna@gmail.com\" target=\"_blank\" rel=\"noopener noreferrer\" data-stringify-link=\"mailto:carolinagraffigna@gmail.com\" data-sk=\"tooltip_parent\" aria-haspopup=\"menu\" aria-describedby=\"sk-tooltip-779\">carolinagraffigna@gmail.com<\/a><\/p>\t\t\t\t\t\t\t\t<\/div>\n\t\t\t\t<\/div>\n\t\t\t\t<\/div>\n\t\t\t\t<\/div>","protected":false},"excerpt":{"rendered":"<p>Pol\u00edtica de Privacidad 1. Responsable del Tratamiento de los Datos Identidad: Agencia de dise\u00f1o Carolina Graffigna NIF\/CIF: 555305665A Domicilio social: Calle Eugenio 1 2\u00baB Correo electr\u00f3nico: carolinagraffigna@gmail.com Tel\u00e9fono de contacto: +34 633 446 441 2. Finalidad del TratamientoLos datos recopilados a trav\u00e9s de este sitio web ser\u00e1n tratados para los siguientes fines: Responder a consultas [&hellip;]<\/p>","protected":false},"author":1,"featured_media":0,"parent":0,"menu_order":0,"comment_status":"closed","ping_status":"closed","template":"","meta":{"footnotes":""},"class_list":["post-1465","page","type-page","status-publish","hentry"],"yoast_head":"<!-- This site is optimized with the Yoast SEO plugin v25.6 - https:\/\/yoast.com\/wordpress\/plugins\/seo\/ -->\n<title>Pol\u00edtica de Privacidad - Carolina Graffigna<\/title>\n<meta name=\"robots\" content=\"index, follow, max-snippet:-1, max-image-preview:large, max-video-preview:-1\" \/>\n<link rel=\"canonical\" href=\"https:\/\/carolinagraffigna.com\/en\/politica-de-privacidad\/\" \/>\n<meta property=\"og:locale\" content=\"en_GB\" \/>\n<meta property=\"og:type\" content=\"article\" \/>\n<meta property=\"og:title\" content=\"Pol\u00edtica de Privacidad - Carolina Graffigna\" \/>\n<meta property=\"og:description\" content=\"Pol\u00edtica de Privacidad 1. Responsable del Tratamiento de los Datos Identidad: Agencia de dise\u00f1o Carolina Graffigna NIF\/CIF: 555305665A Domicilio social: Calle Eugenio 1 2\u00baB Correo electr\u00f3nico: carolinagraffigna@gmail.com Tel\u00e9fono de contacto: +34 633 446 441 2. Finalidad del TratamientoLos datos recopilados a trav\u00e9s de este sitio web ser\u00e1n tratados para los siguientes fines: Responder a consultas [&hellip;]\" \/>\n<meta property=\"og:url\" content=\"https:\/\/carolinagraffigna.com\/en\/politica-de-privacidad\/\" \/>\n<meta property=\"og:site_name\" content=\"Carolina Graffigna\" \/>\n<meta property=\"article:modified_time\" content=\"2025-01-09T09:22:58+00:00\" \/>\n<meta name=\"twitter:card\" content=\"summary_large_image\" \/>\n<meta name=\"twitter:label1\" content=\"Estimated reading time\" \/>\n\t<meta name=\"twitter:data1\" content=\"2 minutes\" \/>\n<script type=\"application\/ld+json\" class=\"yoast-schema-graph\">{\"@context\":\"https:\/\/schema.org\",\"@graph\":[{\"@type\":\"WebPage\",\"@id\":\"https:\/\/carolinagraffigna.com\/politica-de-privacidad\/\",\"url\":\"https:\/\/carolinagraffigna.com\/politica-de-privacidad\/\",\"name\":\"Pol\u00edtica de Privacidad - Carolina Graffigna\",\"isPartOf\":{\"@id\":\"https:\/\/carolinagraffigna.com\/#website\"},\"datePublished\":\"2025-01-08T09:29:26+00:00\",\"dateModified\":\"2025-01-09T09:22:58+00:00\",\"breadcrumb\":{\"@id\":\"https:\/\/carolinagraffigna.com\/politica-de-privacidad\/#breadcrumb\"},\"inLanguage\":\"en-GB\",\"potentialAction\":[{\"@type\":\"ReadAction\",\"target\":[\"https:\/\/carolinagraffigna.com\/politica-de-privacidad\/\"]}]},{\"@type\":\"BreadcrumbList\",\"@id\":\"https:\/\/carolinagraffigna.com\/politica-de-privacidad\/#breadcrumb\",\"itemListElement\":[{\"@type\":\"ListItem\",\"position\":1,\"name\":\"Portada\",\"item\":\"https:\/\/carolinagraffigna.com\/\"},{\"@type\":\"ListItem\",\"position\":2,\"name\":\"Pol\u00edtica de Privacidad\"}]},{\"@type\":\"WebSite\",\"@id\":\"https:\/\/carolinagraffigna.com\/#website\",\"url\":\"https:\/\/carolinagraffigna.com\/\",\"name\":\"Carolina Graffigna\",\"description\":\"\",\"publisher\":{\"@id\":\"https:\/\/carolinagraffigna.com\/#organization\"},\"potentialAction\":[{\"@type\":\"SearchAction\",\"target\":{\"@type\":\"EntryPoint\",\"urlTemplate\":\"https:\/\/carolinagraffigna.com\/?s={search_term_string}\"},\"query-input\":{\"@type\":\"PropertyValueSpecification\",\"valueRequired\":true,\"valueName\":\"search_term_string\"}}],\"inLanguage\":\"en-GB\"},{\"@type\":\"Organization\",\"@id\":\"https:\/\/carolinagraffigna.com\/#organization\",\"name\":\"Carolina Graffigna\",\"url\":\"https:\/\/carolinagraffigna.com\/\",\"logo\":{\"@type\":\"ImageObject\",\"inLanguage\":\"en-GB\",\"@id\":\"https:\/\/carolinagraffigna.com\/#\/schema\/logo\/image\/\",\"url\":\"https:\/\/carolinagraffigna.com\/wp-content\/uploads\/2024\/10\/Marca-Carolina-Graffigna_2.png\",\"contentUrl\":\"https:\/\/carolinagraffigna.com\/wp-content\/uploads\/2024\/10\/Marca-Carolina-Graffigna_2.png\",\"width\":1576,\"height\":557,\"caption\":\"Carolina Graffigna\"},\"image\":{\"@id\":\"https:\/\/carolinagraffigna.com\/#\/schema\/logo\/image\/\"}}]}<\/script>\n<!-- \/ Yoast SEO plugin. -->","yoast_head_json":{"title":"Pol\u00edtica de Privacidad - Carolina Graffigna","robots":{"index":"index","follow":"follow","max-snippet":"max-snippet:-1","max-image-preview":"max-image-preview:large","max-video-preview":"max-video-preview:-1"},"canonical":"https:\/\/carolinagraffigna.com\/en\/politica-de-privacidad\/","og_locale":"en_GB","og_type":"article","og_title":"Pol\u00edtica de Privacidad - Carolina Graffigna","og_description":"Pol\u00edtica de Privacidad 1. Responsable del Tratamiento de los Datos Identidad: Agencia de dise\u00f1o Carolina Graffigna NIF\/CIF: 555305665A Domicilio social: Calle Eugenio 1 2\u00baB Correo electr\u00f3nico: carolinagraffigna@gmail.com Tel\u00e9fono de contacto: +34 633 446 441 2. Finalidad del TratamientoLos datos recopilados a trav\u00e9s de este sitio web ser\u00e1n tratados para los siguientes fines: Responder a consultas [&hellip;]","og_url":"https:\/\/carolinagraffigna.com\/en\/politica-de-privacidad\/","og_site_name":"Carolina Graffigna","article_modified_time":"2025-01-09T09:22:58+00:00","twitter_card":"summary_large_image","twitter_misc":{"Estimated reading time":"2 minutes"},"schema":{"@context":"https:\/\/schema.org","@graph":[{"@type":"WebPage","@id":"https:\/\/carolinagraffigna.com\/politica-de-privacidad\/","url":"https:\/\/carolinagraffigna.com\/politica-de-privacidad\/","name":"Pol\u00edtica de Privacidad - Carolina Graffigna","isPartOf":{"@id":"https:\/\/carolinagraffigna.com\/#website"},"datePublished":"2025-01-08T09:29:26+00:00","dateModified":"2025-01-09T09:22:58+00:00","breadcrumb":{"@id":"https:\/\/carolinagraffigna.com\/politica-de-privacidad\/#breadcrumb"},"inLanguage":"en-GB","potentialAction":[{"@type":"ReadAction","target":["https:\/\/carolinagraffigna.com\/politica-de-privacidad\/"]}]},{"@type":"BreadcrumbList","@id":"https:\/\/carolinagraffigna.com\/politica-de-privacidad\/#breadcrumb","itemListElement":[{"@type":"ListItem","position":1,"name":"Portada","item":"https:\/\/carolinagraffigna.com\/"},{"@type":"ListItem","position":2,"name":"Pol\u00edtica de Privacidad"}]},{"@type":"WebSite","@id":"https:\/\/carolinagraffigna.com\/#website","url":"https:\/\/carolinagraffigna.com\/","name":"Carolina Graffigna","description":"","publisher":{"@id":"https:\/\/carolinagraffigna.com\/#organization"},"potentialAction":[{"@type":"SearchAction","target":{"@type":"EntryPoint","urlTemplate":"https:\/\/carolinagraffigna.com\/?s={search_term_string}"},"query-input":{"@type":"PropertyValueSpecification","valueRequired":true,"valueName":"search_term_string"}}],"inLanguage":"en-GB"},{"@type":"Organization","@id":"https:\/\/carolinagraffigna.com\/#organization","name":"Carolina Graffigna","url":"https:\/\/carolinagraffigna.com\/","logo":{"@type":"ImageObject","inLanguage":"en-GB","@id":"https:\/\/carolinagraffigna.com\/#\/schema\/logo\/image\/","url":"https:\/\/carolinagraffigna.com\/wp-content\/uploads\/2024\/10\/Marca-Carolina-Graffigna_2.png","contentUrl":"https:\/\/carolinagraffigna.com\/wp-content\/uploads\/2024\/10\/Marca-Carolina-Graffigna_2.png","width":1576,"height":557,"caption":"Carolina Graffigna"},"image":{"@id":"https:\/\/carolinagraffigna.com\/#\/schema\/logo\/image\/"}}]}},"_links":{"self":[{"href":"https:\/\/carolinagraffigna.com\/en\/wp-json\/wp\/v2\/pages\/1465","targetHints":{"allow":["GET"]}}],"collection":[{"href":"https:\/\/carolinagraffigna.com\/en\/wp-json\/wp\/v2\/pages"}],"about":[{"href":"https:\/\/carolinagraffigna.com\/en\/wp-json\/wp\/v2\/types\/page"}],"author":[{"embeddable":true,"href":"https:\/\/carolinagraffigna.com\/en\/wp-json\/wp\/v2\/users\/1"}],"replies":[{"embeddable":true,"href":"https:\/\/carolinagraffigna.com\/en\/wp-json\/wp\/v2\/comments?post=1465"}],"version-history":[{"count":0,"href":"https:\/\/carolinagraffigna.com\/en\/wp-json\/wp\/v2\/pages\/1465\/revisions"}],"wp:attachment":[{"href":"https:\/\/carolinagraffigna.com\/en\/wp-json\/wp\/v2\/media?parent=1465"}],"curies":[{"name":"wp","href":"https:\/\/api.w.org\/{rel}","templated":true}]}}